{"id":16338,"date":"2023-04-20T09:37:41","date_gmt":"2023-04-20T12:37:41","guid":{"rendered":"https:\/\/faec.org.br\/senar\/?page_id=16338"},"modified":"2023-04-26T08:49:51","modified_gmt":"2023-04-26T11:49:51","slug":"planos-instrucionais-programas-senar","status":"publish","type":"page","link":"https:\/\/faec.org.br\/senar\/planos-instrucionais-programas-senar\/","title":{"rendered":"PLANOS INSTRUCIONAIS &#8211; PROGRAMAS SENAR"},"content":{"rendered":"<div id=\"sp-ea-16357\" class=\"sp-ea-one sp-easy-accordion\" data-ex-icon=\"fa-minus\" data-col-icon=\"fa-plus\"  data-ea-active=\"ea-click\"  data-ea-mode=\"vertical\" data-preloader=\"\"><div class=\"ea-card  sp-ea-single\"><h3 class=\"ea-header\"><a class=\"collapsed\" data-sptoggle=\"spcollapse\" data-sptarget=#collapse163570 href=\"javascript:void(0)\" aria-expanded=\"false\"><i class=\"ea-expand-icon fa fa-plus\"><\/i> PLANOS INSTRUCIONAIS DA FORMA\u00c7\u00c3O PROFISSIONAL RURAL<\/a><\/h3><div class=\"sp-collapse spcollapse spcollapse\" id=\"collapse163570\" data-parent=#sp-ea-16357><div class=\"ea-body\"><div id=\"sp-ea-16359\" class=\"sp-ea-one sp-easy-accordion\" data-ex-icon=\"fa-minus\" data-col-icon=\"fa-plus\"  data-ea-active=\"ea-click\"  data-ea-mode=\"vertical\" data-preloader=\"\"><div class=\"ea-card  sp-ea-single\"><h3 class=\"ea-header\"><a class=\"collapsed\" data-sptoggle=\"spcollapse\" data-sptarget=#collapse163590 href=\"javascript:void(0)\" aria-expanded=\"false\"><i class=\"ea-expand-icon fa fa-plus\"><\/i> AGRICULTURA<\/a><\/h3><div class=\"sp-collapse spcollapse spcollapse\" id=\"collapse163590\" data-parent=#sp-ea-16359><div class=\"ea-body\"><ul>\n<li><a href=\"http:\/\/faec.org.br\/senar\/wp-content\/uploads\/2023\/04\/PLANO-INSTRUCIONAL-FPR-CONSTRUCAO-DE-BARRAGEM-SUBTERRANEA.pdf\">PLANO INSTRUCIONAL - FPR - CONSTRU\u00c7\u00c3O DE BARRAGEM SUBTERR\u00c2NEA<\/a><\/li>\n<li><a href=\"http:\/\/faec.org.br\/senar\/wp-content\/uploads\/2023\/04\/PLANO-INSTRUCIONAL-FPR-Cultivo-de-Fruteiras-Perenes-Caju.pdf\">PLANO INSTRUCIONAL - FPR - Cultivo de Fruteiras Perenes (Caju)<\/a><\/li>\n<li><a href=\"http:\/\/faec.org.br\/senar\/wp-content\/uploads\/2023\/04\/PLANO-INSTRUCIONAL-FPR-Cultivo-de-Fruteiras-Perenes-Coco.pdf\">PLANO INSTRUCIONAL - FPR - Cultivo de Fruteiras Perenes (Coco)<\/a><\/li>\n<li><a href=\"http:\/\/faec.org.br\/senar\/wp-content\/uploads\/2023\/04\/PLANO-INSTRUCIONAL-FPR-Cultivo-de-Fruteiras-Perenes-Substituicao-de-copas.pdf\">PLANO INSTRUCIONAL - FPR - Cultivo de Fruteiras Perenes (Substitui\u00e7\u00e3o de copas)<\/a><\/li>\n<li><a href=\"http:\/\/faec.org.br\/senar\/wp-content\/uploads\/2023\/04\/PLANO-INSTRUCIONAL-FPR-Cultivo-de-Plantas-Medicinais.pdf\">PLANO INSTRUCIONAL - FPR - Cultivo de Plantas Medicinais<\/a><\/li>\n<li><a href=\"http:\/\/faec.org.br\/senar\/wp-content\/uploads\/2023\/04\/PLANO-INSTRUCIONAL-FPR-Fruticultura-Basica.pdf\">PLANO INSTRUCIONAL - FPR - Fruticultura B\u00e1sica<\/a><\/li>\n<li><a href=\"http:\/\/faec.org.br\/senar\/wp-content\/uploads\/2023\/04\/PLANO-INSTRUCIONAL-FPR-Fruticultura-Irrigada.pdf\">PLANO INSTRUCIONAL - FPR - Fruticultura Irrigada<\/a><\/li>\n<li><a href=\"http:\/\/faec.org.br\/senar\/wp-content\/uploads\/2023\/04\/PLANO-INSTRUCIONAL-FPR-Olericultura-Basica.pdf\">PLANO INSTRUCIONAL - FPR - Olericultura B\u00e1sica<\/a><\/li>\n<li><a href=\"http:\/\/faec.org.br\/senar\/wp-content\/uploads\/2023\/04\/PLANO-INSTRUCIONAL-FPR-Olericultura-Organica.pdf\">PLANO INSTRUCIONAL - FPR - Olericultura Org\u00e2nica<\/a><\/li>\n<li><a href=\"http:\/\/faec.org.br\/senar\/wp-content\/uploads\/2023\/04\/PLANO-INSTRUCIONAL-FPR-Producao-de-Mudas-Viveirista.pdf\">PLANO INSTRUCIONAL - FPR - Produ\u00e7\u00e3o de Mudas (Viveirista)<\/a><\/li>\n<\/ul>\n<\/div><\/div><\/div><div class=\"ea-card  sp-ea-single\"><h3 class=\"ea-header\"><a class=\"collapsed\" data-sptoggle=\"spcollapse\" data-sptarget=#collapse163591 href=\"javascript:void(0)\" aria-expanded=\"false\"><i class=\"ea-expand-icon fa fa-plus\"><\/i> AGRO-SILVI-PASTORIL<\/a><\/h3><div class=\"sp-collapse spcollapse spcollapse\" id=\"collapse163591\" data-parent=#sp-ea-16359><div class=\"ea-body\"><ul>\n<li><a href=\"http:\/\/faec.org.br\/senar\/wp-content\/uploads\/2023\/04\/PLANO-INSTRUCIONAL-FPR-Aplicacao-de-Defensivos-Agricolas-1.pdf\">PLANO INSTRUCIONAL - FPR - Aplica\u00e7\u00e3o de Defensivos Agr\u00edcolas<\/a><\/li>\n<li><a href=\"http:\/\/faec.org.br\/senar\/wp-content\/uploads\/2023\/04\/PLANO-INSTRUCIONAL-FPR-Operacao-de-Irrigacao-Localizada-por-Micro-aspersao-e-Gotejamento-1.pdf\">PLANO INSTRUCIONAL - FPR - Opera\u00e7\u00e3o de Irriga\u00e7\u00e3o Localizada por Micro aspers\u00e3o e Gotejamento<\/a><\/li>\n<li><a href=\"http:\/\/faec.org.br\/senar\/wp-content\/uploads\/2023\/04\/PLANO-INSTRUCIONAL-FPR-Operacao-e-Manutencao-de-Tratores-Agricolas-1.pdf\">PLANO INSTRUCIONAL - FPR - Opera\u00e7\u00e3o e Manuten\u00e7\u00e3o de Tratores Agr\u00edcolas<\/a><\/li>\n<li><a href=\"http:\/\/faec.org.br\/senar\/wp-content\/uploads\/2023\/04\/PLANO-INSTRUCIONAL-FPR-Operacao-e-na-Manutencao-de-Motosserra-1.pdf\">PLANO INSTRUCIONAL - FPR - Opera\u00e7\u00e3o e na Manuten\u00e7\u00e3o de Motosserra<\/a><\/li>\n<\/ul>\n<\/div><\/div><\/div><div class=\"ea-card  sp-ea-single\"><h3 class=\"ea-header\"><a class=\"collapsed\" data-sptoggle=\"spcollapse\" data-sptarget=#collapse163592 href=\"javascript:void(0)\" aria-expanded=\"false\"><i class=\"ea-expand-icon fa fa-plus\"><\/i> AQUICULTURA<\/a><\/h3><div class=\"sp-collapse spcollapse spcollapse\" id=\"collapse163592\" data-parent=#sp-ea-16359><div class=\"ea-body\"><ul>\n<li><a href=\"http:\/\/faec.org.br\/senar\/wp-content\/uploads\/2023\/04\/PLANO-INSTRUCIONAL-FPR-Piscicultura.pdf\">PLANO INSTRUCIONAL - FPR - Piscicultura<\/a><\/li>\n<\/ul>\n<\/div><\/div><\/div><div class=\"ea-card  sp-ea-single\"><h3 class=\"ea-header\"><a class=\"collapsed\" data-sptoggle=\"spcollapse\" data-sptarget=#collapse163593 href=\"javascript:void(0)\" aria-expanded=\"false\"><i class=\"ea-expand-icon fa fa-plus\"><\/i> PECU\u00c1RIA<\/a><\/h3><div class=\"sp-collapse spcollapse spcollapse\" id=\"collapse163593\" data-parent=#sp-ea-16359><div class=\"ea-body\"><ul>\n<li><a href=\"http:\/\/faec.org.br\/senar\/wp-content\/uploads\/2023\/04\/PLANO-INSTRUCIONAL-FPR-Inseminacao-Artificia.pdf\">PLANO INSTRUCIONAL - FPR - Insemina\u00e7\u00e3o Artificia<\/a><\/li>\n<li><a href=\"http:\/\/faec.org.br\/senar\/wp-content\/uploads\/2023\/04\/PLANO-INSTRUCIONAL-FPR-Apicultura.pdf\">PLANO INSTRUCIONAL - FPR - Apicultura<\/a><\/li>\n<li><a href=\"http:\/\/faec.org.br\/senar\/wp-content\/uploads\/2023\/04\/PLANO-INSTRUCIONAL-FPR-Avicultura-Basica.pdf\">PLANO INSTRUCIONAL - FPR - Avicultura B\u00e1sica<\/a><\/li>\n<li><a href=\"http:\/\/faec.org.br\/senar\/wp-content\/uploads\/2023\/04\/PLANO-INSTRUCIONAL-FPR-Bovinocultura-de-Leite-Manejo-Sanitario.pdf\">PLANO INSTRUCIONAL - FPR - Bovinocultura de Leite -Manejo Sanit\u00e1rio<\/a><\/li>\n<li><a href=\"http:\/\/faec.org.br\/senar\/wp-content\/uploads\/2023\/04\/PLANO-INSTRUCIONAL-FPR-Bovinocultura-de-Leite-Manejo-Alimentar.pdf\">PLANO INSTRUCIONAL - FPR - Bovinocultura de Leite - Manejo Alimentar<\/a><\/li>\n<li><a href=\"http:\/\/faec.org.br\/senar\/wp-content\/uploads\/2023\/04\/PLANO-INSTRUCIONAL-FPR-Bovinocultura-de-Leite-Qualidade-do-Leite.pdf\">PLANO INSTRUCIONAL - FPR - Bovinocultura de Leite - Qualidade do Leite<\/a><\/li>\n<li><a href=\"http:\/\/faec.org.br\/senar\/wp-content\/uploads\/2023\/04\/PLANO-INSTRUCIONAL-FPR-Caprinocultura-Manejo-Sanitario.pdf\">PLANO INSTRUCIONAL - FPR - Caprinocultura - Manejo Sanit\u00e1rio<\/a><\/li>\n<li><a href=\"http:\/\/faec.org.br\/senar\/wp-content\/uploads\/2023\/04\/PLANO-INSTRUCIONAL-FPR-Doma-Racional-de-Equinos.pdf\">PLANO INSTRUCIONAL - FPR - Doma Racional de Equinos<\/a><\/li>\n<li><a href=\"http:\/\/faec.org.br\/senar\/wp-content\/uploads\/2023\/04\/PLANO-INSTRUCIONAL-FPR-Equideocultura-Casqueamento.pdf\">PLANO INSTRUCIONAL - FPR - Equideocultura - Casqueamento<\/a><\/li>\n<li><a href=\"http:\/\/faec.org.br\/senar\/wp-content\/uploads\/2023\/04\/PLANO-INSTRUCIONAL-FPR-Ovinocultura-Manejo-Sanitario.pdf\">PLANO INSTRUCIONAL - FPR - Ovinocultura - Manejo Sanit\u00e1rio<\/a><\/li>\n<li><a href=\"http:\/\/faec.org.br\/senar\/wp-content\/uploads\/2023\/04\/PLANO-INSTRUCIONAL-FPR-Ovinocultura-Manejo-Alimentar.pdf\">PLANO INSTRUCIONAL - FPR - Ovinocultura - Manejo Alimentar<\/a><\/li>\n<li><a href=\"http:\/\/faec.org.br\/senar\/wp-content\/uploads\/2023\/04\/PLANO-INSTRUCIONAL-FPR-Redeas-em-Equinos.pdf\">PLANO INSTRUCIONAL - FPR - R\u00e9deas em Equinos<\/a><\/li>\n<li><a href=\"http:\/\/faec.org.br\/senar\/wp-content\/uploads\/2023\/04\/PLANO-INSTRUCIONAL-FPR-Suinocultura.pdf\">PLANO INSTRUCIONAL - FPR - Suinocultura<\/a><\/li>\n<\/ul>\n<\/div><\/div><\/div><\/div>\n<\/div><\/div><\/div><div class=\"ea-card  sp-ea-single\"><h3 class=\"ea-header\"><a class=\"collapsed\" data-sptoggle=\"spcollapse\" data-sptarget=#collapse163571 href=\"javascript:void(0)\" aria-expanded=\"false\"><i class=\"ea-expand-icon fa fa-plus\"><\/i> PLANOS INSTRUCIONAIS DA PROMO\u00c7\u00c3O SOCIAL<\/a><\/h3><div class=\"sp-collapse spcollapse spcollapse\" id=\"collapse163571\" data-parent=#sp-ea-16357><div class=\"ea-body\"><div id=\"sp-ea-16360\" class=\"sp-ea-one sp-easy-accordion\" data-ex-icon=\"fa-minus\" data-col-icon=\"fa-plus\"  data-ea-active=\"ea-click\"  data-ea-mode=\"vertical\" data-preloader=\"\"><div class=\"ea-card  sp-ea-single\"><h3 class=\"ea-header\"><a class=\"collapsed\" data-sptoggle=\"spcollapse\" data-sptarget=#collapse163600 href=\"javascript:void(0)\" aria-expanded=\"false\"><i class=\"ea-expand-icon fa fa-plus\"><\/i> ALIMENTA\u00c7\u00c3O E NUTRI\u00c7\u00c3O<\/a><\/h3><div class=\"sp-collapse spcollapse spcollapse\" id=\"collapse163600\" data-parent=#sp-ea-16360><div class=\"ea-body\"><ul>\n<li><a href=\"http:\/\/faec.org.br\/senar\/wp-content\/uploads\/2023\/04\/PLANO-INSTRUCIONAL-PS-Alimentacao-Alternativa.pdf\">PLANO INSTRUCIONAL- PS - Alimenta\u00e7\u00e3o Alternativa<\/a><\/li>\n<li><a href=\"http:\/\/faec.org.br\/senar\/wp-content\/uploads\/2023\/04\/PLANO-INSTRUCIONAL-PS-Aproveitamento-da-Banana-na-Alimentacao-Humana.pdf\">PLANO INSTRUCIONAL- PS - Aproveitamento da Banana na Alimenta\u00e7\u00e3o Humana<\/a><\/li>\n<li><a href=\"http:\/\/faec.org.br\/senar\/wp-content\/uploads\/2023\/04\/PLANO-INSTRUCIONAL-PS-Aproveitamento-da-Macaxeira-na-Alimentacao-Humana.pdf\">PLANO INSTRUCIONAL- PS - Aproveitamento da Macaxeira na Alimenta\u00e7\u00e3o Humana<\/a><\/li>\n<li><a href=\"http:\/\/faec.org.br\/senar\/wp-content\/uploads\/2023\/04\/PLANO-INSTRUCIONAL-PS-Aproveitamento-da-Palma-na-Alimentacao-Humana.pdf\">PLANO INSTRUCIONAL- PS - Aproveitamento da Palma na Alimenta\u00e7\u00e3o Humana<\/a><\/li>\n<li><a href=\"http:\/\/faec.org.br\/senar\/wp-content\/uploads\/2023\/04\/PLANO-INSTRUCIONAL-PS-Aproveitamento-do-Caju-na-Alimentacao-Humana.pdf\">PLANO INSTRUCIONAL- PS - Aproveitamento do Caju na Alimenta\u00e7\u00e3o Humana<\/a><\/li>\n<li><a href=\"http:\/\/faec.org.br\/senar\/wp-content\/uploads\/2023\/04\/PLANO-INSTRUCIONAL-PS-Aproveitamento-do-Leite-na-Alimentacao-Humana.pdf\">PLANO INSTRUCIONAL- PS - Aproveitamento do Leite na Alimenta\u00e7\u00e3o Humana<\/a><\/li>\n<li><a href=\"http:\/\/faec.org.br\/senar\/wp-content\/uploads\/2023\/04\/PLANO-INSTRUCIONAL-PS-Aproveitamento-do-Mel-na-Alimentacao-Humana.pdf\">PLANO INSTRUCIONAL- PS - Aproveitamento do Mel na Alimenta\u00e7\u00e3o Humana<\/a><\/li>\n<li><a href=\"http:\/\/faec.org.br\/senar\/wp-content\/uploads\/2023\/04\/PLANO-INSTRUCIONAL-PS-Educacao-Alimentar.pdf\">PLANO INSTRUCIONAL- PS - Educa\u00e7\u00e3o Alimentar<\/a><\/li>\n<li><a href=\"http:\/\/faec.org.br\/senar\/wp-content\/uploads\/2023\/04\/PLANO-INSTRUCIONAL-PS-Producao-Artesanal-de-Bolos-Confeitados.pdf\">PLANO INSTRUCIONAL- PS - Produ\u00e7\u00e3o Artesanal de Bolos Confeitados<\/a><\/li>\n<li><a href=\"http:\/\/faec.org.br\/senar\/wp-content\/uploads\/2023\/04\/PLANO-INSTRUCIONAL-PS-Producao-Artesanal-de-Conservas-Vegetais.pdf\">PLANO INSTRUCIONAL- PS - Produ\u00e7\u00e3o Artesanal de Conservas Vegetais<\/a><\/li>\n<li><a href=\"http:\/\/faec.org.br\/senar\/wp-content\/uploads\/2023\/04\/PLANO-INSTRUCIONAL-PS-Producao-Artesanal-de-Derivados-de-Frutas.pdf\">PLANO INSTRUCIONAL- PS - Produ\u00e7\u00e3o Artesanal de Derivados de Frutas<\/a><\/li>\n<li><a href=\"http:\/\/faec.org.br\/senar\/wp-content\/uploads\/2023\/04\/PLANO-INSTRUCIONAL-PS-Producao-Artesanal-de-Paes.pdf\">PLANO INSTRUCIONAL- PS - Produ\u00e7\u00e3o Artesanal de P\u00e3es<\/a><\/li>\n<\/ul>\n<\/div><\/div><\/div><div class=\"ea-card  sp-ea-single\"><h3 class=\"ea-header\"><a class=\"collapsed\" data-sptoggle=\"spcollapse\" data-sptarget=#collapse163601 href=\"javascript:void(0)\" aria-expanded=\"false\"><i class=\"ea-expand-icon fa fa-plus\"><\/i> APOIO AS COMUNIDADES RURAIS<\/a><\/h3><div class=\"sp-collapse spcollapse spcollapse\" id=\"collapse163601\" data-parent=#sp-ea-16360><div class=\"ea-body\"><ul>\n<li><a href=\"http:\/\/faec.org.br\/senar\/wp-content\/uploads\/2023\/04\/PLANO-INSTRUCIONAL-PS-Associativismo.pdf\">PLANO INSTRUCIONAL- PS - Associativismo<\/a><\/li>\n<li><a href=\"http:\/\/faec.org.br\/senar\/wp-content\/uploads\/2023\/04\/PLANO-INSTRUCIONAL-PS-Gerenciamento-de-Projetos-Produtivos-Associativos.pdf\">PLANO INSTRUCIONAL- PS - Gerenciamento de Projetos Produtivos Associativos<\/a><\/li>\n<\/ul>\n<\/div><\/div><\/div><div class=\"ea-card  sp-ea-single\"><h3 class=\"ea-header\"><a class=\"collapsed\" data-sptoggle=\"spcollapse\" data-sptarget=#collapse163602 href=\"javascript:void(0)\" aria-expanded=\"false\"><i class=\"ea-expand-icon fa fa-plus\"><\/i> EDUCA\u00c7\u00c3O<\/a><\/h3><div class=\"sp-collapse spcollapse spcollapse\" id=\"collapse163602\" data-parent=#sp-ea-16360><div class=\"ea-body\"><ul>\n<li><a href=\"http:\/\/faec.org.br\/senar\/wp-content\/uploads\/2023\/04\/PLANO-INSTRUCIONAL-FPR-Cadastro-Ambiental-Rural-CAR.pdf\">PLANO INSTRUCIONAL - FPR - Cadastro Ambiental Rural - CAR<\/a><\/li>\n<li><a href=\"http:\/\/faec.org.br\/senar\/wp-content\/uploads\/2023\/04\/PLANO-INSTRUCIONAL-FPR-Administracao-de-Propriedade-em-Regime-de-Economia-Familiar.pdf\">PLANO INSTRUCIONAL - FPR - Administra\u00e7\u00e3o de Propriedade em Regime de Economia Familiar<\/a><\/li>\n<\/ul>\n<\/div><\/div><\/div><div class=\"ea-card  sp-ea-single\"><h3 class=\"ea-header\"><a class=\"collapsed\" data-sptoggle=\"spcollapse\" data-sptarget=#collapse163603 href=\"javascript:void(0)\" aria-expanded=\"false\"><i class=\"ea-expand-icon fa fa-plus\"><\/i> SA\u00daDE<\/a><\/h3><div class=\"sp-collapse spcollapse spcollapse\" id=\"collapse163603\" data-parent=#sp-ea-16360><div class=\"ea-body\"><ul>\n<li><a href=\"http:\/\/faec.org.br\/senar\/wp-content\/uploads\/2023\/04\/PLANO-INSTRUCIONAL-PS-Saude-Materno-Infantil.pdf\">PLANO INSTRUCIONAL- PS - Sa\u00fade Materno Infantil<\/a><\/li>\n<\/ul>\n<\/div><\/div><\/div><\/div>\n<\/div><\/div><\/div><\/div>\n<p><a href=\"https:\/\/senarbrasil.sharepoint.com\/sites\/CartilhasSenar\/Documentos%20Partilhados\/Forms\/AllItems.aspx?id=%2Fsites%2FCartilhasSenar%2FDocumentos%20Partilhados%2FCARTILHAS%20COLE%C3%87%C3%83O%20SENAR%20%2D%20IMPRESS%C3%83O&amp;p=true&amp;ga=1\">CONFIRA NOSSA COLE\u00c7\u00c3O DE CARTILHAS &#8211; SENAR<\/a><\/p>\n","protected":false},"excerpt":{"rendered":"<p>CONFIRA NOSSA COLE\u00c7\u00c3O DE CARTILHAS &#8211; SENAR<\/p>\n","protected":false},"author":1,"featured_media":0,"parent":0,"menu_order":0,"comment_status":"closed","ping_status":"closed","template":"","meta":{"footnotes":""},"class_list":["post-16338","page","type-page","status-publish","czr-hentry"],"_links":{"self":[{"href":"https:\/\/faec.org.br\/senar\/wp-json\/wp\/v2\/pages\/16338","targetHints":{"allow":["GET"]}}],"collection":[{"href":"https:\/\/faec.org.br\/senar\/wp-json\/wp\/v2\/pages"}],"about":[{"href":"https:\/\/faec.org.br\/senar\/wp-json\/wp\/v2\/types\/page"}],"author":[{"embeddable":true,"href":"https:\/\/faec.org.br\/senar\/wp-json\/wp\/v2\/users\/1"}],"replies":[{"embeddable":true,"href":"https:\/\/faec.org.br\/senar\/wp-json\/wp\/v2\/comments?post=16338"}],"version-history":[{"count":18,"href":"https:\/\/faec.org.br\/senar\/wp-json\/wp\/v2\/pages\/16338\/revisions"}],"predecessor-version":[{"id":16439,"href":"https:\/\/faec.org.br\/senar\/wp-json\/wp\/v2\/pages\/16338\/revisions\/16439"}],"wp:attachment":[{"href":"https:\/\/faec.org.br\/senar\/wp-json\/wp\/v2\/media?parent=16338"}],"curies":[{"name":"wp","href":"https:\/\/api.w.org\/{rel}","templated":true}]}}